{"id":205,"date":"2023-04-18T12:29:46","date_gmt":"2023-04-18T10:29:46","guid":{"rendered":"https:\/\/if-epfcl-paris2024.champlacanienfrance.net\/?page_id=205"},"modified":"2024-04-03T07:26:29","modified_gmt":"2024-04-03T05:26:29","slug":"programma","status":"publish","type":"page","link":"https:\/\/if-epfcl-paris2024.champlacanienfrance.net\/it\/programma\/","title":{"rendered":"PROGRAMMA"},"content":{"rendered":"\n<div data-wp-interactive=\"core\/file\" class=\"wp-block-file alignwide\"><object data-wp-bind--hidden=\"!state.hasPdfPreview\" hidden class=\"wp-block-file__embed\" data=\"https:\/\/if-epfcl-paris2024.champlacanienfrance.net\/wp-content\/uploads\/2024\/04\/RVI_INT_IT_NUM.pdf\" type=\"application\/pdf\" style=\"width:100%;height:650px\" aria-label=\"Incorporamento di RVI_INT_IT_NUM.\"><\/object><a id=\"wp-block-file--media-2db174a1-331b-4d74-bbd2-49585fd385e7\" href=\"https:\/\/if-epfcl-paris2024.champlacanienfrance.net\/wp-content\/uploads\/2024\/04\/RVI_INT_IT_NUM.pdf\">RVI_INT_IT_NUM<\/a><a href=\"https:\/\/if-epfcl-paris2024.champlacanienfrance.net\/wp-content\/uploads\/2024\/04\/RVI_INT_IT_NUM.pdf\" class=\"wp-block-file__button wp-element-button\" download aria-describedby=\"wp-block-file--media-2db174a1-331b-4d74-bbd2-49585fd385e7\">T\u00e9l\u00e9charger<\/a><\/div>\n\n\n\n<h2 class=\"wp-block-heading alignwide\"><strong>Presentazione<\/strong><\/h2>\n\n\n\n<p>Ogni due anni, alternativamente tra le due sponde dell&#8217;Atlantico, un Rendez-vous internazionale riunisce i membri del FI e della Scuola per discutere un tema stabilito nel Rendez-vous precedente.<\/p>\n\n\n\n<p>Prima di ogni Rendez-vous, il lavoro preparatorio viene diffuso nella mailing list dei membri e pubblicato sul sito web. I contributi presentati al Rendezvous sono pubblicati elettronicamente nella Revue H\u00e9t\u00e9rit\u00e9.<\/p>\n\n\n\n<p>Ogni Rendez-vous \u00e8 un&#8217;occasione per riunire le assemblee dei FI e della scuola, il cui scopo \u00e8 quello di adeguare la direzione e il funzionamento dell&#8217;organizzazione alla luce dell&#8217;esperienza e dell&#8217;evoluzione delle situazioni.<\/p>\n\n\n\n<h2 class=\"wp-block-heading alignwide\"><strong>Calendario<\/strong><\/h2>\n\n\n\n<h3 class=\"wp-block-heading\">1 maggio<\/h3>\n\n\n\n<p><strong>PSICOANALISI CON I BAMBINI, PSICOANALISI IN ISTITUZIONE<\/strong><\/p>\n\n\n\n<p>N\u00e9 l&#8217;una n\u00e9 l&#8217;altra, e a fortiori nemmeno quella con i bambini in istituzione, derogano alla singolarit\u00e0 del Discorso Analitico, ma tutte queste pratiche presentano particolarit\u00e0 che sono tanto legate al dispositivo quanto a un rapporto pi\u00f9 complesso con il transfert. D&#8217;altronde la clinica che si incontra \u00e8 spesso particolare con numerosi casi di psicosi, autismo, dipendenze, patologie familiari complicate da patologie sociali.&nbsp; L\u2019esperienza clinica dei colleghi che lavorano con le reti REP, RIP, RHIPNA, REPSY, pu\u00f2 illuminarci sulle condizioni etiche di queste&nbsp; cliniche particolari supportate dal desiderio deciso di clinici, in particolare di coloro che mantengono l\u2019esperienza analitica in luoghi che non la sostengono, persino la combattono.<\/p>\n\n\n\n<p><strong>8:30 &gt; ACCOGLIENZA<\/strong><\/p>\n\n\n\n<p><strong>9:00-10:00 &gt; TAVOLA ROTONDA RHIPNA: LA FOBIA&#8230; ANCORA<\/strong><br><strong>COORDINATORE: Stella Casanova <\/strong>(Panama &#8211; Membro RHIPNA)<br><strong>RHIPNA- Barcellona<\/strong><br><strong>Pau Borrat<\/strong> (Spagna): Aspirati allo specchio<br><strong>RHIPNA &#8211; Zona Nord America Latina<\/strong><br><strong>Mar\u00eda de los \u00c1ngeles G\u00f3mez Escudero<\/strong> (Porto Rico): Giochi proibiti: alcune note sul corpo e le fobie dopo la pandemia<br><strong>RHIPNA &#8211; Zona Sud America Latina<\/strong><br><strong>Mar\u00eda Ver\u00f3nica Lobos<\/strong> (Argentina): Tempesta di affetto: la fobia di un bambino<br><strong>RHIPNA &#8211; Madrid. Aula abierta<\/strong><br><strong>Francisco Jos\u00e9 Santos Garrido<\/strong> (Spagna): L&#8217;angoscia e il fatto di abitare il linguaggio<\/p>\n\n\n\n<p><strong>10:00-10:15 &gt; PAUSA<\/strong><\/p>\n\n\n\n<p><strong>10:15- 12:00 &gt; TAVOLA ROTONDA REP &#8211; RIP<\/strong><br><strong>MODERATORI<\/strong><br><strong>Martine Men\u00e8s <\/strong>(Francia): coordinatore REP<br><strong>Jean-Pierre Drapier <\/strong>(Francia):coordinatore RIP<\/p>\n\n\n\n<p><strong>PRIMA SEQUENZA<\/strong><br><strong>Claire Duguet<\/strong> (Francia): La psicoanalisi con i bambini e nelle istituzioni. Come possiamo far parlare l&#8217;ansia quando il suo oggetto \u00e8 il corpo stesso?<br><strong>Consuelo Pereira de Almeida <\/strong>(Brazile): La psicoanalisi con i bambini e nelle istituzioni. Come possiamo far parlare l&#8217;ansia quando il suo oggetto \u00e8 il corpo stesso?<br><strong>Giulio Artizzu<\/strong> (Italia):Trasferimenti e istituzioni: per non indietreggiare davanti alla scomparsa della psicosi.<\/p>\n\n\n\n<p><strong>SECONDA SEQUENZA<\/strong><br><strong>\u00c9lisabeth L\u00e9turgie<\/strong> (Francia): L&#8217;ansia che (\u00e8) nascosta<br><strong>Laurence Martin<\/strong> (Francia): Ansia della domenica sera<\/p>\n\n\n\n<h4 class=\"wp-block-heading\">13h30-16h30 : Symposiom des&nbsp;<em>passe&nbsp;<\/em><\/h4>\n\n\n\n<p>(Partecipanti : i membri delle ultime due CIG, i&nbsp;<em>passeur<\/em>&nbsp;che abbiano esercitato la loro funzione&nbsp; durante questo periodo e le corrispondenti segreterie della&nbsp;<em>passe<\/em>)<\/p>\n\n\n\n<h4 class=\"wp-block-heading\">16h30-18h30 : Laboratorio Internazionale della Politica della Psicoanalisi (LIPP)<\/h4>\n\n\n\n<p><strong>Presentazione<\/strong><br>Una delle questioni pi\u00f9 urgenti del nostro tempo \u00e8 la sopravvivenza della psicoanalisi. In un modo o nell&#8217;altro, ciascuno dei membri del LIPP, riunitisi in cartelli, ha affrontato la questione da angolazioni diverse.&nbsp;<\/p>\n\n\n\n<p>Affrontare la politica della nostra Scuola ci ha portato, da un lato, a tornare alle domande fondamentali sulla politica della psicoanalisi, che non deve essere confusa con la Realpolitik, nella misura in cui riguarda l&#8217;inconscio. Questo ci ha permesso anche di interrogare la politica della Scuola alla luce della politica della psicoanalisi. Queste domande includono l&#8217;intima e necessaria relazione tra clinica e politica, la confusione tra estensione ed espansione, l&#8217;articolazione della politica dell&#8217;atto, l&#8217;impossibilit\u00e0 di trasmettere la psicoanalisi, ecc.<\/p>\n\n\n\n<p>D&#8217;altra parte, ci ha portato a riflettere sul disagio delle e nelle istituzioni in rapporto alla storia della psicoanalisi. Ci siamo chiesti se alla base di questo disagio ci fossero fattori esterni, differenziati per ogni ambito, ma anche fattori interni, attraverso i discorsi che si instaurano in queste istituzioni. Sulla base di queste domande, abbiamo considerato le possibili modalit\u00e0 di intervento.<\/p>\n\n\n\n<p>Infine, abbiamo esaminato come le urgenze di un particolare momento e luogo possano influenzare un forum. Quali sono le conseguenze per la Scuola? Queste sono solo alcune delle domande che la nostra scuola si pone, che risuonano con le nostre domande sulla soggettivit\u00e0 del nostro mondo contemporaneo.<\/p>\n\n\n\n<p><strong>Programma<\/strong><br>1. Presentazione del LIPP e dei suoi mezzi di diffusione. <strong>Stella Casanova<\/strong><br>2. &#8220;Politiche, sembiante e discorsi: affetti ed effetti&#8221; <strong>Devra Simiu<\/strong><br>3. La politica della psicoanalisi: una politica controcorrente? <strong>Clara Cecilia Mesa<\/strong><br>4. \u00ab La psicoanalisi e i saperi \u00bb <strong>Maria Koukoumaki, Mohamed Kadari&nbsp;<\/strong><\/p>\n\n\n\n<h3 class=\"wp-block-heading\"><strong>2 maggio\u00a0<\/strong>: Incontro Internazionale di Scuola \u2013 \u00ab\u00a0Sapere e ignoranza nel passaggio all\u2019analista\u00a0\u00bb<\/h3>\n\n\n\n<p class=\"has-text-align-right\"><em>Anfiteatro Lavoisier (Traduzione simultanea Inglese, spagnolo, francese, italiano, portoghese)<\/em><\/p>\n\n\n\n<p><strong>8:00-&gt;REGISTRAZIONI<\/strong><\/p>\n\n\n\n<p><strong>9:00-&gt;PERTURA<\/strong><br><strong>Carolina Zaffore&nbsp;<\/strong>(Argentina)e<strong>&nbsp;Dominique Fingermann<\/strong>&nbsp;(Francia<a>)<\/a><br>Segretarie del Collegio Internazionale della Garanzia&nbsp;<\/p>\n\n\n\n<p><strong>9:15 \u2013 10:45<\/strong><br><strong>Discussant: Martine Men\u00e8s&nbsp;<\/strong>(Francia)<br><strong>Elynes Barros AE&nbsp;<\/strong>(Brasile)<strong>:&nbsp;<\/strong>Cosa si pu\u00f2 sapere in un\u2019analisi?<br><strong>Rebeca Garcia&nbsp;<\/strong>(Spagna)<strong>:&nbsp;<\/strong>Ci\u00f2 che risuona di un\u2019esperienza<br><strong>Nicolas Bendrihen&nbsp;<\/strong>(Francia)<strong>:&nbsp;<\/strong>La cicatrice degli effetti del caso?<\/p>\n\n\n\n<p><strong>10:45-11:15<\/strong> : PAUSA CAFF\u00c8<\/p>\n\n\n\n<p><strong>11:15 \u2013 12:45<\/strong><br><strong>Discussant: Sandra Berta<\/strong>&nbsp;(<strong>Brasile)<\/strong><br><strong>Constanza&nbsp;Lobos&nbsp;<\/strong>AE (Argentina): Volere un sapere bucato<br><strong>Anne Marie Combres&nbsp;<\/strong>(Francia): Punto di passaggio?<br><strong>Mikel Plazaola&nbsp;<\/strong>(Spagna): Effetti del passaggio dall\u2019ignoranza al sapere nell\u2019esperienza della&nbsp;passe<\/p>\n\n\n\n<p><strong>12:45 \u2013 14.15-&gt;Pranzo<\/strong><\/p>\n\n\n\n<p><strong>14:15 \u2013 15:45<\/strong><br><strong>Discussant: Teresa Trias<\/strong>&nbsp;(<strong>Spagna)<\/strong><br><strong>Dimitra Kolonia<\/strong>&nbsp;AE (<strong>Francia)<\/strong>:<em>&nbsp;<\/em>Sorprese di fine<br><strong>Marie-Jos\u00e9 Latour<\/strong>&nbsp;(<strong>Francia)<\/strong>: Lavorare per l\u2019incerto<br><strong>Ana Laura Prates Pacheco<\/strong>&nbsp;(<strong>Brasile)<\/strong>: Con la finestra aperta verso la passe&nbsp;<\/p>\n\n\n\n<p><strong>15:45 \u2013 17:15<\/strong><br><strong>Discussant: Didier Castanet&nbsp;<\/strong>(Francia)<br><strong>Christelle Suc AE&nbsp;<\/strong>(Francia): Dall\u2019elucubrazione all\u2019impensato: del nuovo?&nbsp;<br><strong>Armando Cote<\/strong>&nbsp;(Francia): L\u2019elogio del non sapere e i suoi rapporti con la verit\u00e0&nbsp;<br><strong>Carolina Zaffore<\/strong>&nbsp;(Argentina): Cosa c\u2019\u00e8 di didattico nel passaggio all\u2019analista?<\/p>\n\n\n\n<p><strong>17:15 \u2013 17:45-&gt;PUNTEGGIATURE<\/strong><br><strong>Anastasia Tzavidopoulou<\/strong>&nbsp;(<strong>Francia<\/strong>)<br><strong>Colette Soler<\/strong>&nbsp;(<strong>Francia)<\/strong><\/p>\n\n\n\n<h3 class=\"wp-block-heading\"><strong>3 e 4 de maggio<\/strong>&nbsp;: Rendez-vous dell\u2019IF-EPFCL \u2013 \u00ab&nbsp;L&#8217;angoscia, come farla parlare ?&nbsp;\u00bb<\/h3>\n\n\n\n<div data-wp-interactive=\"core\/file\" class=\"wp-block-file\"><object data-wp-bind--hidden=\"!state.hasPdfPreview\" hidden class=\"wp-block-file__embed\" data=\"https:\/\/if-epfcl-paris2024.champlacanienfrance.net\/wp-content\/uploads\/2024\/02\/Programme-RVI24-It.pdf\" type=\"application\/pdf\" style=\"width:100%;height:600px\" aria-label=\"Incorporamento di Programme-RVI24-It.\"><\/object><a id=\"wp-block-file--media-c72a3c10-a2cc-4280-9506-33c91cdaecab\" href=\"https:\/\/if-epfcl-paris2024.champlacanienfrance.net\/wp-content\/uploads\/2024\/02\/Programme-RVI24-It.pdf\">Programme-RVI24-It<\/a><a href=\"https:\/\/if-epfcl-paris2024.champlacanienfrance.net\/wp-content\/uploads\/2024\/02\/Programme-RVI24-It.pdf\" class=\"wp-block-file__button wp-element-button\" download aria-describedby=\"wp-block-file--media-c72a3c10-a2cc-4280-9506-33c91cdaecab\">T\u00e9l\u00e9charger<\/a><\/div>\n\n\n\n<h3 class=\"wp-block-heading\"><strong>5 maggio<\/strong>&nbsp;: Assemblee generali dell\u2019IF e della Scuola<\/h3>\n\n\n\n<p>8h : Accueil\/soscrizione<br>9h-13h : AG de l&#8217;IF (4h)&nbsp;<br>13h-14h30 : D\u00e9jeuner<br>14h30-17h30 : AG de l&#8217;Ecole<\/p>\n\n\n\n<hr class=\"wp-block-separator has-alpha-channel-opacity\"\/>\n\n\n\n<h2 class=\"wp-block-heading\"><strong>Commissioni<\/strong><\/h2>\n\n\n\n<h3 class=\"wp-block-heading\"><em>Commissione scientifica<\/em><\/h3>\n\n\n\n<p>Patrick Barillot (Responsabile), Sandra Berta, Roser Casalprim Maresch, Nadine Cordova, Gabriel Lombardi, Diego Mautino, Beatriz Maya, Carmelo Scuderi, Marc Strauss, Anna Wojakowska-Skiba.<\/p>\n\n\n\n<h3 class=\"wp-block-heading\"><em>Commissione organizzativa<\/em><\/h3>\n\n\n\n<p>Cathy Barnier, Bernard Brunie, Aur\u00e9lie Caulier, Dominique Champroux, Nadine Cordova (Responsabile dell\u2019organizzazione), Fr\u00e9d\u00e9rique Decoin-Vargas, S\u00e9verine Derrey, Nathalie Dollez, Alexandre Faure, Patrica Gavilanes, Dimitra Giannaka, C\u00e9line Gu\u00e9gan-Casagrande, Carole Leymarie, Fernando Mart\u00ednez (Argentine), Lucile Mons, Tania Navarro, Krist\u00e8le Nonnet-Pavois, Claire Parada, Mich\u00e8le Paperman, Jose Alejandro P\u00e9rez Betancur, Christine Silbermann, Ir\u00e8ne Tu Ton, Anastasia Tzavidopoulou, Ang\u00e9lique Walter.<\/p>\n\n\n\n<div class=\"wp-block-group alignwide has-contrast-color has-transparent-background-color has-text-color has-background has-link-color wp-elements-ae1df31cb32345bb868967dc837e2d21\"><div class=\"wp-block-group__inner-container is-layout-flow wp-block-group-is-layout-flow\"><\/div><\/div>\n","protected":false},"excerpt":{"rendered":"<p>Presentazione Ogni due anni, alternativamente tra le due sponde dell&#8217;Atlantico, un Rendez-vous internazionale riunisce i membri del FI e della Scuola per discutere un tema stabilito nel Rendez-vous precedente. Prima di ogni Rendez-vous, il lavoro preparatorio viene diffuso nella mailing list dei membri e pubblicato sul sito web. I contributi presentati al Rendezvous sono pubblicati [&hellip;]<\/p>\n","protected":false},"author":2,"featured_media":0,"parent":0,"menu_order":0,"comment_status":"closed","ping_status":"closed","template":"","meta":{"footnotes":""},"class_list":["post-205","page","type-page","status-publish","hentry"],"_links":{"self":[{"href":"https:\/\/if-epfcl-paris2024.champlacanienfrance.net\/it\/wp-json\/wp\/v2\/pages\/205","targetHints":{"allow":["GET"]}}],"collection":[{"href":"https:\/\/if-epfcl-paris2024.champlacanienfrance.net\/it\/wp-json\/wp\/v2\/pages"}],"about":[{"href":"https:\/\/if-epfcl-paris2024.champlacanienfrance.net\/it\/wp-json\/wp\/v2\/types\/page"}],"author":[{"embeddable":true,"href":"https:\/\/if-epfcl-paris2024.champlacanienfrance.net\/it\/wp-json\/wp\/v2\/users\/2"}],"replies":[{"embeddable":true,"href":"https:\/\/if-epfcl-paris2024.champlacanienfrance.net\/it\/wp-json\/wp\/v2\/comments?post=205"}],"version-history":[{"count":15,"href":"https:\/\/if-epfcl-paris2024.champlacanienfrance.net\/it\/wp-json\/wp\/v2\/pages\/205\/revisions"}],"predecessor-version":[{"id":1183,"href":"https:\/\/if-epfcl-paris2024.champlacanienfrance.net\/it\/wp-json\/wp\/v2\/pages\/205\/revisions\/1183"}],"wp:attachment":[{"href":"https:\/\/if-epfcl-paris2024.champlacanienfrance.net\/it\/wp-json\/wp\/v2\/media?parent=205"}],"curies":[{"name":"wp","href":"https:\/\/api.w.org\/{rel}","templated":true}]}}